{"id":21,"date":"2017-10-01T12:32:16","date_gmt":"2017-10-01T12:32:16","guid":{"rendered":"http:\/\/modebewust.nu\/?page_id=21"},"modified":"2017-10-01T12:32:16","modified_gmt":"2017-10-01T12:32:16","slug":"om-bloggen","status":"publish","type":"page","link":"http:\/\/modebewust.nu\/?page_id=21","title":{"rendered":"Om bloggen"},"content":{"rendered":"<p>H\u00e4r kommer vi skriva om allt moderelaterat med fokus p\u00e5 snygga kl\u00e4der, inredning och stilrena produkter som skiljer sig fr\u00e5n m\u00e4ngden. Tanken med bloggen \u00e4r att framh\u00e4va det estetiska f\u00f6re det praktiska inom diverse olika omr\u00e5den. Om du vill b\u00f6rja skriva f\u00f6r v\u00e5r blogg s\u00e5 kan du skicka ett mail till skribent@modebewust.nu,\u00a0 ber\u00e4tta lite om dig sj\u00e4lv och dina tidigare erfarenheter s\u00e5 h\u00f6r vi av oss. Det \u00e4r viktigt att po\u00e4ngtera att vi inte erbjuder n\u00e5gon l\u00f6n i n\u00e5gon form, och du b\u00f6r d\u00e4rf\u00f6r ha en sann passion f\u00f6r skrivandet.<\/p>\n","protected":false},"excerpt":{"rendered":"<p>H\u00e4r kommer vi skriva om allt moderelaterat med fokus p\u00e5 snygga kl\u00e4der, inredning och stilrena produkter som skiljer sig fr\u00e5n m\u00e4ngden. Tanken med bloggen \u00e4r att framh\u00e4va det estetiska f\u00f6re det praktiska inom diverse olika omr\u00e5den. Om du vill b\u00f6rja skriva f\u00f6r v\u00e5r blogg s\u00e5 kan du skicka ett mail till skribent@modebewust.nu,\u00a0 ber\u00e4tta lite om [&hellip;]<\/p>\n","protected":false},"author":1,"featured_media":0,"parent":0,"menu_order":0,"comment_status":"closed","ping_status":"closed","template":"","meta":[],"_links":{"self":[{"href":"http:\/\/modebewust.nu\/index.php?rest_route=\/wp\/v2\/pages\/21"}],"collection":[{"href":"http:\/\/modebewust.nu\/index.php?rest_route=\/wp\/v2\/pages"}],"about":[{"href":"http:\/\/modebewust.nu\/index.php?rest_route=\/wp\/v2\/types\/page"}],"author":[{"embeddable":true,"href":"http:\/\/modebewust.nu\/index.php?rest_route=\/wp\/v2\/users\/1"}],"replies":[{"embeddable":true,"href":"http:\/\/modebewust.nu\/index.php?rest_route=%2Fwp%2Fv2%2Fcomments&post=21"}],"version-history":[{"count":1,"href":"http:\/\/modebewust.nu\/index.php?rest_route=\/wp\/v2\/pages\/21\/revisions"}],"predecessor-version":[{"id":22,"href":"http:\/\/modebewust.nu\/index.php?rest_route=\/wp\/v2\/pages\/21\/revisions\/22"}],"wp:attachment":[{"href":"http:\/\/modebewust.nu\/index.php?rest_route=%2Fwp%2Fv2%2Fmedia&parent=21"}],"curies":[{"name":"wp","href":"https:\/\/api.w.org\/{rel}","templated":true}]}}